{"id":292,"date":"2023-06-24T08:00:53","date_gmt":"2023-06-24T06:00:53","guid":{"rendered":"https:\/\/strehn.insyde.at\/?post_type=product&#038;p=292"},"modified":"2026-01-27T09:49:13","modified_gmt":"2026-01-27T08:49:13","slug":"der-elefant-im-porzellanladen","status":"publish","type":"product","link":"https:\/\/www.strehn.at\/en\/produkt\/der-elefant-im-porzellanladen\/","title":{"rendered":"Der Elefant im Porzellanladen"},"content":{"rendered":"<p>Gerhard Hofer, Schaufenster, die Presse:<\/p>\n<p>Die Idee hatte Pia Strehn schon vor zehn Jahren. Damals musste sie \u00fcber die Weine der Provence referieren. Also kostete sie sich flei\u00dfig durch die tollen Ros\u00e9s und stie\u00df auf kr\u00e4ftige, cremige, im Barrique ausgebaute S\u00fcdfranzosen. Da konnte Pia nicht widerstehen. So einer musste auch nach Deutschkreutz. Seit Kurzem ist er in der Flasche. Ein feiner, kr\u00e4ftiger, fasriger Ros\u00e9.<br \/>\nBeef Tatar empfiehlt die junge Winzerin zu ihrem rosaroten Elefanten. Die Etiketten sind ja bei den Strehns tierm\u00e4\u00dfig organisiert. Und Ros\u00e9 ist eben mordsm\u00e4\u00dfig elefant\u00f6s. \u201eElefant im Porzellanladen\u201c steht auf dem Etikett. \u201eWeil es ein sehr unkonventioneller Wein ist\u201c, sagt Pia. Der Wein vertr\u00e4gt ein gro\u00dfes Burgunderglas. F\u00fcr Pia Strehn durftet der Ros\u00e9 nach Zitrus, Pfirsich und \u201eBlutorange\u201c. Und ich wei\u00df seither nicht, was f\u00fcr mich schr\u00e4ger ist: Ein rosaroter Wein-\u00adElefant oder eine Winzerin, die aus ihrem Ros\u00e9 Blutorangen herausriecht.<br \/>\nHelles Lachsros\u00e9. In der Nase intensiver und inspirierender Duft nach Blutorangen, Weingartenpfirsich, Bourbonvanille und Kr\u00e4utern. Am Gaumen voller K\u00f6rper, saftig, rund, intensive Frucht und langer Abgang.<\/p>\n","protected":false},"excerpt":{"rendered":"<p>Gerhard Hofer, Schaufenster, die Presse: Die Idee hatte Pia Strehn schon vor zehn Jahren. Damals musste sie \u00fcber die Weine der Provence referieren. Also kostete sie sich flei\u00dfig durch die tollen Ros\u00e9s und stie\u00df auf kr\u00e4ftige, cremige, im Barrique ausgebaute S\u00fcdfranzosen. Da konnte Pia nicht widerstehen. So einer musste auch nach Deutschkreutz. Seit Kurzem ist [&hellip;]<\/p>\n","protected":false},"featured_media":475,"template":"","meta":{"_acf_changed":false,"ocean_post_layout":"","ocean_both_sidebars_style":"","ocean_both_sidebars_content_width":0,"ocean_both_sidebars_sidebars_width":0,"ocean_sidebar":"","ocean_second_sidebar":"","ocean_disable_margins":"enable","ocean_add_body_class":"","ocean_shortcode_before_top_bar":"","ocean_shortcode_after_top_bar":"","ocean_shortcode_before_header":"","ocean_shortcode_after_header":"","ocean_has_shortcode":"","ocean_shortcode_after_title":"","ocean_shortcode_before_footer_widgets":"","ocean_shortcode_after_footer_widgets":"","ocean_shortcode_before_footer_bottom":"","ocean_shortcode_after_footer_bottom":"","ocean_display_top_bar":"default","ocean_display_header":"default","ocean_header_style":"","ocean_center_header_left_menu":"","ocean_custom_header_template":"","ocean_custom_logo":0,"ocean_custom_retina_logo":0,"ocean_custom_logo_max_width":0,"ocean_custom_logo_tablet_max_width":0,"ocean_custom_logo_mobile_max_width":0,"ocean_custom_logo_max_height":0,"ocean_custom_logo_tablet_max_height":0,"ocean_custom_logo_mobile_max_height":0,"ocean_header_custom_menu":"","ocean_menu_typo_font_family":"","ocean_menu_typo_font_subset":"","ocean_menu_typo_font_size":0,"ocean_menu_typo_font_size_tablet":0,"ocean_menu_typo_font_size_mobile":0,"ocean_menu_typo_font_size_unit":"px","ocean_menu_typo_font_weight":"","ocean_menu_typo_font_weight_tablet":"","ocean_menu_typo_font_weight_mobile":"","ocean_menu_typo_transform":"","ocean_menu_typo_transform_tablet":"","ocean_menu_typo_transform_mobile":"","ocean_menu_typo_line_height":0,"ocean_menu_typo_line_height_tablet":0,"ocean_menu_typo_line_height_mobile":0,"ocean_menu_typo_line_height_unit":"","ocean_menu_typo_spacing":0,"ocean_menu_typo_spacing_tablet":0,"ocean_menu_typo_spacing_mobile":0,"ocean_menu_typo_spacing_unit":"","ocean_menu_link_color":"","ocean_menu_link_color_hover":"","ocean_menu_link_color_active":"","ocean_menu_link_background":"","ocean_menu_link_hover_background":"","ocean_menu_link_active_background":"","ocean_menu_social_links_bg":"","ocean_menu_social_hover_links_bg":"","ocean_menu_social_links_color":"","ocean_menu_social_hover_links_color":"","ocean_disable_title":"default","ocean_disable_heading":"default","ocean_post_title":"","ocean_post_subheading":"","ocean_post_title_style":"","ocean_post_title_background_color":"","ocean_post_title_background":0,"ocean_post_title_bg_image_position":"","ocean_post_title_bg_image_attachment":"","ocean_post_title_bg_image_repeat":"","ocean_post_title_bg_image_size":"","ocean_post_title_height":0,"ocean_post_title_bg_overlay":0.5,"ocean_post_title_bg_overlay_color":"","ocean_disable_breadcrumbs":"default","ocean_breadcrumbs_color":"","ocean_breadcrumbs_separator_color":"","ocean_breadcrumbs_links_color":"","ocean_breadcrumbs_links_hover_color":"","ocean_display_footer_widgets":"default","ocean_display_footer_bottom":"default","ocean_custom_footer_template":""},"product_brand":[],"product_cat":[18],"product_tag":[],"class_list":{"0":"post-292","1":"product","2":"type-product","3":"status-publish","4":"has-post-thumbnail","6":"product_cat-rose","8":"entry","9":"has-media","11":"first","12":"instock","13":"shipping-taxable","14":"purchasable","15":"product-type-simple","16":"has-product-nav","17":"col","18":"span_1_of_2","19":"owp-content-center","20":"item-entry","21":"owp-thumbs-layout-horizontal","22":"owp-btn-normal","23":"owp-tabs-layout-horizontal","24":"has-no-thumbnails"},"acf":[],"yoast_head":"<!-- This site is optimized with the Yoast SEO plugin v27.4 - https:\/\/yoast.com\/product\/yoast-seo-wordpress\/ -->\n<title>Der Elefant im Porzellanladen - Pia Strehn<\/title>\n<meta name=\"robots\" content=\"index, follow, max-snippet:-1, max-image-preview:large, max-video-preview:-1\" \/>\n<link rel=\"canonical\" href=\"https:\/\/www.strehn.at\/en\/produkt\/der-elefant-im-porzellanladen\/\" \/>\n<meta property=\"og:locale\" content=\"en_US\" \/>\n<meta property=\"og:type\" content=\"article\" \/>\n<meta property=\"og:title\" content=\"Der Elefant im Porzellanladen - Pia Strehn\" \/>\n<meta property=\"og:description\" content=\"Gerhard Hofer, Schaufenster, die Presse: Die Idee hatte Pia Strehn schon vor zehn Jahren. Damals musste sie \u00fcber die Weine der Provence referieren. Also kostete sie sich flei\u00dfig durch die tollen Ros\u00e9s und stie\u00df auf kr\u00e4ftige, cremige, im Barrique ausgebaute S\u00fcdfranzosen. Da konnte Pia nicht widerstehen. So einer musste auch nach Deutschkreutz. Seit Kurzem ist [&hellip;]\" \/>\n<meta property=\"og:url\" content=\"https:\/\/www.strehn.at\/en\/produkt\/der-elefant-im-porzellanladen\/\" \/>\n<meta property=\"og:site_name\" content=\"Pia Strehn\" \/>\n<meta property=\"article:publisher\" content=\"https:\/\/www.facebook.com\/weingut.strehn\/\" \/>\n<meta property=\"article:modified_time\" content=\"2026-01-27T08:49:13+00:00\" \/>\n<meta property=\"og:image\" content=\"https:\/\/www.strehn.at\/wp-content\/uploads\/2023\/06\/elefant-1.png\" \/>\n\t<meta property=\"og:image:width\" content=\"270\" \/>\n\t<meta property=\"og:image:height\" content=\"970\" \/>\n\t<meta property=\"og:image:type\" content=\"image\/png\" \/>\n<meta name=\"twitter:card\" content=\"summary_large_image\" \/>\n<meta name=\"twitter:label1\" content=\"Est. reading time\" \/>\n\t<meta name=\"twitter:data1\" content=\"2 minutes\" \/>\n<script type=\"application\/ld+json\" class=\"yoast-schema-graph\">{\"@context\":\"https:\\\/\\\/schema.org\",\"@graph\":[{\"@type\":\"WebPage\",\"@id\":\"https:\\\/\\\/www.strehn.at\\\/en\\\/produkt\\\/der-elefant-im-porzellanladen\\\/\",\"url\":\"https:\\\/\\\/www.strehn.at\\\/en\\\/produkt\\\/der-elefant-im-porzellanladen\\\/\",\"name\":\"Der Elefant im Porzellanladen - Pia Strehn\",\"isPartOf\":{\"@id\":\"https:\\\/\\\/www.strehn.at\\\/en\\\/#website\"},\"primaryImageOfPage\":{\"@id\":\"https:\\\/\\\/www.strehn.at\\\/en\\\/produkt\\\/der-elefant-im-porzellanladen\\\/#primaryimage\"},\"image\":{\"@id\":\"https:\\\/\\\/www.strehn.at\\\/en\\\/produkt\\\/der-elefant-im-porzellanladen\\\/#primaryimage\"},\"thumbnailUrl\":\"https:\\\/\\\/www.strehn.at\\\/wp-content\\\/uploads\\\/2023\\\/06\\\/elefant-1.png\",\"datePublished\":\"2023-06-24T06:00:53+00:00\",\"dateModified\":\"2026-01-27T08:49:13+00:00\",\"breadcrumb\":{\"@id\":\"https:\\\/\\\/www.strehn.at\\\/en\\\/produkt\\\/der-elefant-im-porzellanladen\\\/#breadcrumb\"},\"inLanguage\":\"en-US\",\"potentialAction\":[{\"@type\":\"ReadAction\",\"target\":[\"https:\\\/\\\/www.strehn.at\\\/en\\\/produkt\\\/der-elefant-im-porzellanladen\\\/\"]}]},{\"@type\":\"ImageObject\",\"inLanguage\":\"en-US\",\"@id\":\"https:\\\/\\\/www.strehn.at\\\/en\\\/produkt\\\/der-elefant-im-porzellanladen\\\/#primaryimage\",\"url\":\"https:\\\/\\\/www.strehn.at\\\/wp-content\\\/uploads\\\/2023\\\/06\\\/elefant-1.png\",\"contentUrl\":\"https:\\\/\\\/www.strehn.at\\\/wp-content\\\/uploads\\\/2023\\\/06\\\/elefant-1.png\",\"width\":270,\"height\":970},{\"@type\":\"BreadcrumbList\",\"@id\":\"https:\\\/\\\/www.strehn.at\\\/en\\\/produkt\\\/der-elefant-im-porzellanladen\\\/#breadcrumb\",\"itemListElement\":[{\"@type\":\"ListItem\",\"position\":1,\"name\":\"Startseite\",\"item\":\"https:\\\/\\\/www.strehn.at\\\/en\\\/\"},{\"@type\":\"ListItem\",\"position\":2,\"name\":\"Shop\",\"item\":\"https:\\\/\\\/www.strehn.at\\\/shop\\\/\"},{\"@type\":\"ListItem\",\"position\":3,\"name\":\"Der Elefant im Porzellanladen\"}]},{\"@type\":\"WebSite\",\"@id\":\"https:\\\/\\\/www.strehn.at\\\/en\\\/#website\",\"url\":\"https:\\\/\\\/www.strehn.at\\\/en\\\/\",\"name\":\"Pia Strehn\",\"description\":\"Weingut Familie Strehn\",\"publisher\":{\"@id\":\"https:\\\/\\\/www.strehn.at\\\/en\\\/#organization\"},\"potentialAction\":[{\"@type\":\"SearchAction\",\"target\":{\"@type\":\"EntryPoint\",\"urlTemplate\":\"https:\\\/\\\/www.strehn.at\\\/en\\\/?s={search_term_string}\"},\"query-input\":{\"@type\":\"PropertyValueSpecification\",\"valueRequired\":true,\"valueName\":\"search_term_string\"}}],\"inLanguage\":\"en-US\"},{\"@type\":\"Organization\",\"@id\":\"https:\\\/\\\/www.strehn.at\\\/en\\\/#organization\",\"name\":\"Pia Strehn\",\"url\":\"https:\\\/\\\/www.strehn.at\\\/en\\\/\",\"logo\":{\"@type\":\"ImageObject\",\"inLanguage\":\"en-US\",\"@id\":\"https:\\\/\\\/www.strehn.at\\\/en\\\/#\\\/schema\\\/logo\\\/image\\\/\",\"url\":\"https:\\\/\\\/www.strehn.at\\\/wp-content\\\/uploads\\\/2023\\\/05\\\/GESCHWISTER-Logo.png\",\"contentUrl\":\"https:\\\/\\\/www.strehn.at\\\/wp-content\\\/uploads\\\/2023\\\/05\\\/GESCHWISTER-Logo.png\",\"width\":605,\"height\":830,\"caption\":\"Pia Strehn\"},\"image\":{\"@id\":\"https:\\\/\\\/www.strehn.at\\\/en\\\/#\\\/schema\\\/logo\\\/image\\\/\"},\"sameAs\":[\"https:\\\/\\\/www.facebook.com\\\/weingut.strehn\\\/\",\"https:\\\/\\\/www.instagram.com\\\/piastrehn\\\/\"]}]}<\/script>\n<!-- \/ Yoast SEO plugin. -->","yoast_head_json":{"title":"Der Elefant im Porzellanladen - Pia Strehn","robots":{"index":"index","follow":"follow","max-snippet":"max-snippet:-1","max-image-preview":"max-image-preview:large","max-video-preview":"max-video-preview:-1"},"canonical":"https:\/\/www.strehn.at\/en\/produkt\/der-elefant-im-porzellanladen\/","og_locale":"en_US","og_type":"article","og_title":"Der Elefant im Porzellanladen - Pia Strehn","og_description":"Gerhard Hofer, Schaufenster, die Presse: Die Idee hatte Pia Strehn schon vor zehn Jahren. Damals musste sie \u00fcber die Weine der Provence referieren. Also kostete sie sich flei\u00dfig durch die tollen Ros\u00e9s und stie\u00df auf kr\u00e4ftige, cremige, im Barrique ausgebaute S\u00fcdfranzosen. Da konnte Pia nicht widerstehen. So einer musste auch nach Deutschkreutz. Seit Kurzem ist [&hellip;]","og_url":"https:\/\/www.strehn.at\/en\/produkt\/der-elefant-im-porzellanladen\/","og_site_name":"Pia Strehn","article_publisher":"https:\/\/www.facebook.com\/weingut.strehn\/","article_modified_time":"2026-01-27T08:49:13+00:00","og_image":[{"width":270,"height":970,"url":"https:\/\/www.strehn.at\/wp-content\/uploads\/2023\/06\/elefant-1.png","type":"image\/png"}],"twitter_card":"summary_large_image","twitter_misc":{"Est. reading time":"2 minutes"},"schema":{"@context":"https:\/\/schema.org","@graph":[{"@type":"WebPage","@id":"https:\/\/www.strehn.at\/en\/produkt\/der-elefant-im-porzellanladen\/","url":"https:\/\/www.strehn.at\/en\/produkt\/der-elefant-im-porzellanladen\/","name":"Der Elefant im Porzellanladen - Pia Strehn","isPartOf":{"@id":"https:\/\/www.strehn.at\/en\/#website"},"primaryImageOfPage":{"@id":"https:\/\/www.strehn.at\/en\/produkt\/der-elefant-im-porzellanladen\/#primaryimage"},"image":{"@id":"https:\/\/www.strehn.at\/en\/produkt\/der-elefant-im-porzellanladen\/#primaryimage"},"thumbnailUrl":"https:\/\/www.strehn.at\/wp-content\/uploads\/2023\/06\/elefant-1.png","datePublished":"2023-06-24T06:00:53+00:00","dateModified":"2026-01-27T08:49:13+00:00","breadcrumb":{"@id":"https:\/\/www.strehn.at\/en\/produkt\/der-elefant-im-porzellanladen\/#breadcrumb"},"inLanguage":"en-US","potentialAction":[{"@type":"ReadAction","target":["https:\/\/www.strehn.at\/en\/produkt\/der-elefant-im-porzellanladen\/"]}]},{"@type":"ImageObject","inLanguage":"en-US","@id":"https:\/\/www.strehn.at\/en\/produkt\/der-elefant-im-porzellanladen\/#primaryimage","url":"https:\/\/www.strehn.at\/wp-content\/uploads\/2023\/06\/elefant-1.png","contentUrl":"https:\/\/www.strehn.at\/wp-content\/uploads\/2023\/06\/elefant-1.png","width":270,"height":970},{"@type":"BreadcrumbList","@id":"https:\/\/www.strehn.at\/en\/produkt\/der-elefant-im-porzellanladen\/#breadcrumb","itemListElement":[{"@type":"ListItem","position":1,"name":"Startseite","item":"https:\/\/www.strehn.at\/en\/"},{"@type":"ListItem","position":2,"name":"Shop","item":"https:\/\/www.strehn.at\/shop\/"},{"@type":"ListItem","position":3,"name":"Der Elefant im Porzellanladen"}]},{"@type":"WebSite","@id":"https:\/\/www.strehn.at\/en\/#website","url":"https:\/\/www.strehn.at\/en\/","name":"Pia Strehn","description":"Weingut Familie Strehn","publisher":{"@id":"https:\/\/www.strehn.at\/en\/#organization"},"potentialAction":[{"@type":"SearchAction","target":{"@type":"EntryPoint","urlTemplate":"https:\/\/www.strehn.at\/en\/?s={search_term_string}"},"query-input":{"@type":"PropertyValueSpecification","valueRequired":true,"valueName":"search_term_string"}}],"inLanguage":"en-US"},{"@type":"Organization","@id":"https:\/\/www.strehn.at\/en\/#organization","name":"Pia Strehn","url":"https:\/\/www.strehn.at\/en\/","logo":{"@type":"ImageObject","inLanguage":"en-US","@id":"https:\/\/www.strehn.at\/en\/#\/schema\/logo\/image\/","url":"https:\/\/www.strehn.at\/wp-content\/uploads\/2023\/05\/GESCHWISTER-Logo.png","contentUrl":"https:\/\/www.strehn.at\/wp-content\/uploads\/2023\/05\/GESCHWISTER-Logo.png","width":605,"height":830,"caption":"Pia Strehn"},"image":{"@id":"https:\/\/www.strehn.at\/en\/#\/schema\/logo\/image\/"},"sameAs":["https:\/\/www.facebook.com\/weingut.strehn\/","https:\/\/www.instagram.com\/piastrehn\/"]}]}},"_links":{"self":[{"href":"https:\/\/www.strehn.at\/en\/wp-json\/wp\/v2\/product\/292","targetHints":{"allow":["GET"]}}],"collection":[{"href":"https:\/\/www.strehn.at\/en\/wp-json\/wp\/v2\/product"}],"about":[{"href":"https:\/\/www.strehn.at\/en\/wp-json\/wp\/v2\/types\/product"}],"wp:featuredmedia":[{"embeddable":true,"href":"https:\/\/www.strehn.at\/en\/wp-json\/wp\/v2\/media\/475"}],"wp:attachment":[{"href":"https:\/\/www.strehn.at\/en\/wp-json\/wp\/v2\/media?parent=292"}],"wp:term":[{"taxonomy":"product_brand","embeddable":true,"href":"https:\/\/www.strehn.at\/en\/wp-json\/wp\/v2\/product_brand?post=292"},{"taxonomy":"product_cat","embeddable":true,"href":"https:\/\/www.strehn.at\/en\/wp-json\/wp\/v2\/product_cat?post=292"},{"taxonomy":"product_tag","embeddable":true,"href":"https:\/\/www.strehn.at\/en\/wp-json\/wp\/v2\/product_tag?post=292"}],"curies":[{"name":"wp","href":"https:\/\/api.w.org\/{rel}","templated":true}]}}